{"id":3146,"date":"2023-08-17T09:08:31","date_gmt":"2023-08-17T09:08:31","guid":{"rendered":"https:\/\/grandesorgues.ch\/?page_id=12"},"modified":"2026-04-03T13:03:22","modified_gmt":"2026-04-03T13:03:22","slug":"home-1","status":"publish","type":"page","link":"https:\/\/grandesorgues.ch\/","title":{"rendered":"Accueil"},"content":{"rendered":"\t\t<div data-elementor-type=\"wp-page\" data-elementor-id=\"3146\" class=\"elementor elementor-3146\">\n\t\t\t\t<div class=\"elementor-element elementor-element-579c1a4 e-grid e-con-full e-con e-parent\" data-id=\"579c1a4\" data-element_type=\"container\" data-e-type=\"container\">\n\t\t\t\t<div class=\"elementor-element elementor-element-b098075 elementor-widget__width-auto elementor-widget elementor-widget-shortcode\" data-id=\"b098075\" data-element_type=\"widget\" data-e-type=\"widget\" data-widget_type=\"shortcode.default\">\n\t\t\t\t<div class=\"elementor-widget-container\">\n\t\t\t\t\t\t\t<div class=\"elementor-shortcode\"><div class='black' style='background:#fafafa; border:solid 0px #f0f0f0; border-radius:0px; padding:0px 0px 0px 0px;'>\n<div id='sample_slider' class='owl-carousel sa_owl_theme owl-pagination-true autohide-arrows' data-slider-id='sample_slider' style='visibility:hidden;'>\n<div id='sample_slider_slide02' class='sa_hover_container' style='padding:1% 2%; margin:0px 0%; background-image:url(&quot;https:\/\/grandesorgues.ch\/wp-content\/uploads\/2024\/11\/photo.1435761slide.png&quot;); background-position:center center; background-size:cover; background-repeat:no-repeat; background-color:rgb(0, 0, 0); '><div style=\"text-align: center;padding-bottom: 10px\">\r\n<h3>\u00a0<\/h3>\r\n<h3>\u00a0<\/h3>\r\n<h2>\u00a0<\/h2>\r\n<h1>\u00a0<\/h1>\r\n<\/div><\/div>\n<div id='sample_slider_slide01' class='sa_hover_container' style='padding:1% 2%; margin:0px 0%; background-image:url(&quot;https:\/\/grandesorgues.ch\/wp-content\/uploads\/2025\/01\/photo.1435761-scaled.jpg&quot;); background-position:center center; background-size:cover; background-repeat:no-repeat; background-color:rgb(0, 0, 0); '><div style=\"text-align: center;padding-bottom: 10px\">\r\n<h3>\u00a0<\/h3>\r\n<h3>\u00a0<\/h3>\r\n<h2>\u00a0<\/h2>\r\n<h1>\u00a0<\/h1>\r\n<\/div><\/div>\n<\/div>\n<\/div>\n<script type='text\/javascript'>\n\tjQuery(document).ready(function() {\n\t\tjQuery('#sample_slider').owlCarousel({\n\t\t\titems : 1,\n\t\t\tanimateOut : 'fadeOut',\n\t\t\tsmartSpeed : 400,\n\t\t\tautoplay : true,\n\t\t\tautoplayTimeout : 5000,\n\t\t\tautoplayHoverPause : true,\n\t\t\tsmartSpeed : 400,\n\t\t\tfluidSpeed : 400,\n\t\t\tautoplaySpeed : 400,\n\t\t\tnavSpeed : 400,\n\t\t\tdotsSpeed : 400,\n\t\t\tloop : true,\n\t\t\tnav : true,\n\t\t\tnavText : ['Previous','Next'],\n\t\t\tdots : true,\n\t\t\tresponsiveRefreshRate : 200,\n\t\t\tslideBy : 1,\n\t\t\tmergeFit : true,\n\t\t\tautoHeight : false,\n\t\t\tmouseDrag : false,\n\t\t\ttouchDrag : true\n\t\t});\n\t\tjQuery('#sample_slider').css('visibility', 'visible');\n\t\tsa_resize_sample_slider();\n\t\twindow.addEventListener('resize', sa_resize_sample_slider);\n\t\tfunction sa_resize_sample_slider() {\n\t\t\tvar min_height = '40';\n\t\t\tvar win_width = jQuery(window).width();\n\t\t\tvar slider_width = jQuery('#sample_slider').width();\n\t\t\tif (win_width < 480) {\n\t\t\t\tvar slide_width = slider_width \/ 1;\n\t\t\t} else if (win_width < 768) {\n\t\t\t\tvar slide_width = slider_width \/ 1;\n\t\t\t} else if (win_width < 980) {\n\t\t\t\tvar slide_width = slider_width \/ 1;\n\t\t\t} else if (win_width < 1200) {\n\t\t\t\tvar slide_width = slider_width \/ 1;\n\t\t\t} else if (win_width < 1500) {\n\t\t\t\tvar slide_width = slider_width \/ 1;\n\t\t\t} else {\n\t\t\t\tvar slide_width = slider_width \/ 1;\n\t\t\t}\n\t\t\tslide_width = Math.round(slide_width);\n\t\t\tvar slide_height = '0';\n\t\t\tif (min_height == 'aspect43') {\n\t\t\t\tslide_height = (slide_width \/ 4) * 3;\t\t\t\tslide_height = Math.round(slide_height);\n\t\t\t} else if (min_height == 'aspect169') {\n\t\t\t\tslide_height = (slide_width \/ 16) * 9;\t\t\t\tslide_height = Math.round(slide_height);\n\t\t\t} else {\n\t\t\t\tslide_height = (slide_width \/ 100) * min_height;\t\t\t\tslide_height = Math.round(slide_height);\n\t\t\t}\n\t\t\tjQuery('#sample_slider .owl-item .sa_hover_container').css('min-height', slide_height+'px');\n\t\t}\n\t\tvar owl_goto = jQuery('#sample_slider');\n\t\tjQuery('.sample_slider_goto1').click(function(event){\n\t\t\towl_goto.trigger('to.owl.carousel', 0);\n\t\t});\n\t\tjQuery('.sample_slider_goto2').click(function(event){\n\t\t\towl_goto.trigger('to.owl.carousel', 1);\n\t\t});\n\t\tvar resize_3575 = jQuery('.owl-carousel');\n\t\tresize_3575.on('initialized.owl.carousel', function(e) {\n\t\t\tif (typeof(Event) === 'function') {\n\t\t\t\twindow.dispatchEvent(new Event('resize'));\n\t\t\t} else {\n\t\t\t\tvar evt = window.document.createEvent('UIEvents');\n\t\t\t\tevt.initUIEvent('resize', true, false, window, 0);\n\t\t\t\twindow.dispatchEvent(evt);\n\t\t\t}\n\t\t});\n\t});\n<\/script>\n<\/div>\n\t\t\t\t\t\t<\/div>\n\t\t\t\t<\/div>\n\t\t\t\t<\/div>\n\t\t<div class=\"elementor-element elementor-element-2c82ea0 e-flex e-con-boxed e-con e-parent\" data-id=\"2c82ea0\" data-element_type=\"container\" data-e-type=\"container\">\n\t\t\t\t\t<div class=\"e-con-inner\">\n\t\t\t\t\t<\/div>\n\t\t\t\t<\/div>\n\t\t<div class=\"elementor-element elementor-element-e7dac7a e-flex e-con-boxed e-con e-parent\" data-id=\"e7dac7a\" data-element_type=\"container\" data-e-type=\"container\">\n\t\t\t\t\t<div class=\"e-con-inner\">\n\t\t\t\t<div class=\"elementor-element elementor-element-7ee7b12 elementor-widget elementor-widget-video\" data-id=\"7ee7b12\" data-element_type=\"widget\" data-e-type=\"widget\" data-settings=\"{&quot;video_type&quot;:&quot;vimeo&quot;,&quot;autoplay&quot;:&quot;yes&quot;,&quot;mute&quot;:&quot;yes&quot;,&quot;loop&quot;:&quot;yes&quot;}\" data-widget_type=\"video.default\">\n\t\t\t\t<div class=\"elementor-widget-container\">\n\t\t\t\t\t\t\t<div class=\"elementor-wrapper elementor-open-inline\">\n\t\t\t<iframe class=\"elementor-video-iframe\" allowfullscreen allow=\"autoplay\" title=\"Lecteur vid\u00e9o vimeo\" src=\"https:\/\/player.vimeo.com\/video\/1173930885?autoplay=1&amp;color&amp;autopause=0&amp;loop=1&amp;muted=1&amp;title=0&amp;portrait=0&amp;byline=0#t=\"><\/iframe>\t\t<\/div>\n\t\t\t\t\t\t<\/div>\n\t\t\t\t<\/div>\n\t\t\t\t\t<\/div>\n\t\t\t\t<\/div>\n\t\t<div class=\"elementor-element elementor-element-94d72d5 e-flex e-con-boxed e-con e-parent\" data-id=\"94d72d5\" data-element_type=\"container\" data-e-type=\"container\">\n\t\t\t\t\t<div class=\"e-con-inner\">\n\t\t\t\t<div class=\"elementor-element elementor-element-88e0a94 elementor-align-center elementor-widget elementor-widget-button\" data-id=\"88e0a94\" data-element_type=\"widget\" data-e-type=\"widget\" data-widget_type=\"button.default\">\n\t\t\t\t<div class=\"elementor-widget-container\">\n\t\t\t\t\t\t\t\t\t<div class=\"elementor-button-wrapper\">\n\t\t\t\t\t<a class=\"elementor-button elementor-button-link elementor-size-sm\" href=\"https:\/\/grandesorgues.ch\/wp-content\/uploads\/2026\/04\/ccl_programme_2026_def_light_doublepage.pdf\">\n\t\t\t\t\t\t<span class=\"elementor-button-content-wrapper\">\n\t\t\t\t\t\t\t\t\t<span class=\"elementor-button-text\">Programme des concerts 2026 en PDF<\/span>\n\t\t\t\t\t<\/span>\n\t\t\t\t\t<\/a>\n\t\t\t\t<\/div>\n\t\t\t\t\t\t\t\t<\/div>\n\t\t\t\t<\/div>\n\t\t\t\t\t<\/div>\n\t\t\t\t<\/div>\n\t\t\t\t<section class=\"elementor-section elementor-top-section elementor-element elementor-element-80cd921 elementor-section-boxed elementor-section-height-default elementor-section-height-default\" data-id=\"80cd921\" data-element_type=\"section\" data-e-type=\"section\" data-settings=\"{&quot;background_background&quot;:&quot;gradient&quot;}\">\n\t\t\t\t\t\t<div class=\"elementor-container elementor-column-gap-default\">\n\t\t\t\t\t<div class=\"elementor-column elementor-col-100 elementor-top-column elementor-element elementor-element-f7f5f30\" data-id=\"f7f5f30\" data-element_type=\"column\" data-e-type=\"column\">\n\t\t\t<div class=\"elementor-widget-wrap elementor-element-populated\">\n\t\t\t\t\t\t<div class=\"elementor-element elementor-element-ea12ae5 elementor-widget elementor-widget-ova_events\" data-id=\"ea12ae5\" data-element_type=\"widget\" data-e-type=\"widget\" data-widget_type=\"ova_events.default\">\n\t\t\t\t<div class=\"elementor-widget-container\">\n\t\t\t\t\t\n<div class=\"ovaev-event-element version_3\">\n\n\t\t\t\t\n\t\t<div class=\"title-readmore\">\n\n\t\t\t\t\t\t\t<h2 class=\"title-event\">\n\t\t\t\t\tConcerts \u00e0 venir\t\t\t\t<\/h2>\n\t\t\t\n\t\t\t\t\t\t\t<a href=\"https:\/\/grandesorgues.ch\/?post_type=event\" class=\"read-more second_font\">\n\t\t\t\t\tVoir tous les concerts\t\t\t\t<\/a>\n\t\t\t\n\t\t<\/div>\n\n\t\n\t<div class=\"archive_event col3 has-large-column\">\n\n\t\t\t\t\t\n<div class=\"ovaev-content\">\n\t<div class=\"type3\">\n\t\t\n\t\t<div class=\"desc\">\n\t\t\t\n<div class=\"event-thumbnail\">\t\n\n\t<a href=\"https:\/\/grandesorgues.ch\/?event=stabat-mater\" aria-label=\"Event Thumbnail\">\n\t\t<img fetchpriority=\"high\" decoding=\"async\" width=\"700\" height=\"450\" src=\"https:\/\/grandesorgues.ch\/wp-content\/uploads\/2026\/03\/Capture-decran-2026-03-05-a-10.21.00-700x450.png\" class=\"attachment-ovaev_event_thumbnail size-ovaev_event_thumbnail wp-post-image\" alt=\"\" \/>\t<\/a>\n\n<\/div>\n\t\t\t<div class=\"event_post\">\n\t\t\t    \n<div class=\"time-event\">\n    \n<div class=\"time equal-date\">\n\t\n\t<span class=\"icon-time\">\n\t\t<i class=\"flaticon flaticon-calendar icon_event\"><\/i>\n\t<\/span>\n\n\t\t\t<span class=\"time-date-child\">\n\t\t\t<span class=\"date-child\">\n\t\t\t\t01.05.2026\t\t\t<\/span>\n\t\t<\/span>\n\t\n<\/div>\n    <span class=\"event-time-added\" style=\"margin-left: 5px; color: inherit;\"> \u00e0 20:00<\/span>    \n\t<div class=\"venue\">\n\t\t\n\t\t<i class=\"flaticon flaticon-home icon_event\"><\/i>\n\t\t\n\t\t<span class=\"number\">\n\t\t\tCath\u00e9drale de Lausanne Place de la Cath\u00e9drale 1005 Lausanne\t\t<\/span>\n\t\t\n\t<\/div>\n<\/div>\n\n\t\t\t\t\n<h2 class=\"second_font event_title\">\n\t<a href=\"https:\/\/grandesorgues.ch\/?event=stabat-mater\">\n\t\tStabat Mater\t<\/a>\n<\/h2>\n\t\t\t\t\n<div class=\"button_event\">\n\t<a class=\"view_detail second_font\" href=\"https:\/\/grandesorgues.ch\/?event=stabat-mater\">\n\t\tLire la suite\t\t<i aria-hidden=\"true\" class=\"ovaicon ovaicon-next\"><\/i>\n\t<\/a>\n<\/div>\n\t\t\t<\/div>\n\n\t\t<\/div>\n\n\t<\/div>\n<\/div>\t\t\t\t\t\n<div class=\"ovaev-content\">\n\t<div class=\"type3\">\n\t\t\n\t\t<div class=\"desc\">\n\t\t\t\n<div class=\"event-thumbnail\">\t\n\n\t<a href=\"https:\/\/grandesorgues.ch\/?event=stabat-mater-2&lang=en\" aria-label=\"Event Thumbnail\">\n\t\t<img fetchpriority=\"high\" decoding=\"async\" width=\"700\" height=\"450\" src=\"https:\/\/grandesorgues.ch\/wp-content\/uploads\/2026\/03\/Capture-decran-2026-03-05-a-10.21.00-700x450.png\" class=\"attachment-ovaev_event_thumbnail size-ovaev_event_thumbnail wp-post-image\" alt=\"\" \/>\t<\/a>\n\n<\/div>\n\t\t\t<div class=\"event_post\">\n\t\t\t    \n<div class=\"time-event\">\n    \n<div class=\"time equal-date\">\n\t\n\t<span class=\"icon-time\">\n\t\t<i class=\"flaticon flaticon-calendar icon_event\"><\/i>\n\t<\/span>\n\n\t\t\t<span class=\"time-date-child\">\n\t\t\t<span class=\"date-child\">\n\t\t\t\t01.05.2026\t\t\t<\/span>\n\t\t<\/span>\n\t\n<\/div>\n    <span class=\"event-time-added\" style=\"margin-left: 5px; color: inherit;\"> \u00e0 20:00<\/span>    \n\t<div class=\"venue\">\n\t\t\n\t\t<i class=\"flaticon flaticon-home icon_event\"><\/i>\n\t\t\n\t\t<span class=\"number\">\n\t\t\tCath\u00e9drale de Lausanne Place de la Cath\u00e9drale 1005 Lausanne\t\t<\/span>\n\t\t\n\t<\/div>\n<\/div>\n\n\t\t\t\t\n<h2 class=\"second_font event_title\">\n\t<a href=\"https:\/\/grandesorgues.ch\/?event=stabat-mater-2&lang=en\">\n\t\tStabat Mater\t<\/a>\n<\/h2>\n\t\t\t\t\n<div class=\"button_event\">\n\t<a class=\"view_detail second_font\" href=\"https:\/\/grandesorgues.ch\/?event=stabat-mater-2&lang=en\">\n\t\tLire la suite\t\t<i aria-hidden=\"true\" class=\"ovaicon ovaicon-next\"><\/i>\n\t<\/a>\n<\/div>\n\t\t\t<\/div>\n\n\t\t<\/div>\n\n\t<\/div>\n<\/div>\t\t\t\t\t\n<div class=\"ovaev-content\">\n\t<div class=\"type3\">\n\t\t\n\t\t<div class=\"desc\">\n\t\t\t\n<div class=\"event-thumbnail\">\t\n\n\t<a href=\"https:\/\/grandesorgues.ch\/?event=bach-plus\" aria-label=\"Event Thumbnail\">\n\t\t<img decoding=\"async\" width=\"700\" height=\"450\" src=\"https:\/\/grandesorgues.ch\/wp-content\/uploads\/2026\/03\/Capture-decran-2026-03-05-a-10.32.45-700x450.png\" class=\"attachment-ovaev_event_thumbnail size-ovaev_event_thumbnail wp-post-image\" alt=\"\" \/>\t<\/a>\n\n<\/div>\n\t\t\t<div class=\"event_post\">\n\t\t\t    \n<div class=\"time-event\">\n    \n<div class=\"time equal-date\">\n\t\n\t<span class=\"icon-time\">\n\t\t<i class=\"flaticon flaticon-calendar icon_event\"><\/i>\n\t<\/span>\n\n\t\t\t<span class=\"time-date-child\">\n\t\t\t<span class=\"date-child\">\n\t\t\t\t24.05.2026\t\t\t<\/span>\n\t\t<\/span>\n\t\n<\/div>\n    <span class=\"event-time-added\" style=\"margin-left: 5px; color: inherit;\"> \u00e0 17:00<\/span>    \n\t<div class=\"venue\">\n\t\t\n\t\t<i class=\"flaticon flaticon-home icon_event\"><\/i>\n\t\t\n\t\t<span class=\"number\">\n\t\t\tCath\u00e9drale de Lausanne Place de la Cath\u00e9drale 1005 Lausanne\t\t<\/span>\n\t\t\n\t<\/div>\n<\/div>\n\n\t\t\t\t\n<h2 class=\"second_font event_title\">\n\t<a href=\"https:\/\/grandesorgues.ch\/?event=bach-plus\">\n\t\tBach plus ! &#8211; JEAN-CHRISTOPHE GEISER\t<\/a>\n<\/h2>\n\t\t\t\t\n<div class=\"button_event\">\n\t<a class=\"view_detail second_font\" href=\"https:\/\/grandesorgues.ch\/?event=bach-plus\">\n\t\tLire la suite\t\t<i aria-hidden=\"true\" class=\"ovaicon ovaicon-next\"><\/i>\n\t<\/a>\n<\/div>\n\t\t\t<\/div>\n\n\t\t<\/div>\n\n\t<\/div>\n<\/div>\t\t\t\t\t\n<div class=\"ovaev-content\">\n\t<div class=\"type3\">\n\t\t\n\t\t<div class=\"desc\">\n\t\t\t\n<div class=\"event-thumbnail\">\t\n\n\t<a href=\"https:\/\/grandesorgues.ch\/?event=bach-plus-2&lang=en\" aria-label=\"Event Thumbnail\">\n\t\t<img decoding=\"async\" width=\"700\" height=\"450\" src=\"https:\/\/grandesorgues.ch\/wp-content\/uploads\/2026\/03\/Capture-decran-2026-03-05-a-10.32.45-700x450.png\" class=\"attachment-ovaev_event_thumbnail size-ovaev_event_thumbnail wp-post-image\" alt=\"\" \/>\t<\/a>\n\n<\/div>\n\t\t\t<div class=\"event_post\">\n\t\t\t    \n<div class=\"time-event\">\n    \n<div class=\"time equal-date\">\n\t\n\t<span class=\"icon-time\">\n\t\t<i class=\"flaticon flaticon-calendar icon_event\"><\/i>\n\t<\/span>\n\n\t\t\t<span class=\"time-date-child\">\n\t\t\t<span class=\"date-child\">\n\t\t\t\t24.05.2026\t\t\t<\/span>\n\t\t<\/span>\n\t\n<\/div>\n    <span class=\"event-time-added\" style=\"margin-left: 5px; color: inherit;\"> \u00e0 17:00<\/span>    \n\t<div class=\"venue\">\n\t\t\n\t\t<i class=\"flaticon flaticon-home icon_event\"><\/i>\n\t\t\n\t\t<span class=\"number\">\n\t\t\tCath\u00e9drale de Lausanne Place de la Cath\u00e9drale 1005 Lausanne\t\t<\/span>\n\t\t\n\t<\/div>\n<\/div>\n\n\t\t\t\t\n<h2 class=\"second_font event_title\">\n\t<a href=\"https:\/\/grandesorgues.ch\/?event=bach-plus-2&lang=en\">\n\t\tBach plus ! &#8211; JEAN-CHRISTOPHE GEISER\t<\/a>\n<\/h2>\n\t\t\t\t\n<div class=\"button_event\">\n\t<a class=\"view_detail second_font\" href=\"https:\/\/grandesorgues.ch\/?event=bach-plus-2&lang=en\">\n\t\tLire la suite\t\t<i aria-hidden=\"true\" class=\"ovaicon ovaicon-next\"><\/i>\n\t<\/a>\n<\/div>\n\t\t\t<\/div>\n\n\t\t<\/div>\n\n\t<\/div>\n<\/div>\t\t\t\t\t\n<div class=\"ovaev-content\">\n\t<div class=\"type3\">\n\t\t\n\t\t<div class=\"desc\">\n\t\t\t\n<div class=\"event-thumbnail\">\t\n\n\t<a href=\"https:\/\/grandesorgues.ch\/?event=a-la-decouverte-des-grandes-orgues-2\" aria-label=\"Event Thumbnail\">\n\t\t<img decoding=\"async\" width=\"700\" height=\"450\" src=\"https:\/\/grandesorgues.ch\/wp-content\/uploads\/2026\/03\/Capture-decran-2026-03-05-a-10.47.37-700x450.png\" class=\"attachment-ovaev_event_thumbnail size-ovaev_event_thumbnail wp-post-image\" alt=\"\" \/>\t<\/a>\n\n<\/div>\n\t\t\t<div class=\"event_post\">\n\t\t\t    \n<div class=\"time-event\">\n    \n<div class=\"time equal-date\">\n\t\n\t<span class=\"icon-time\">\n\t\t<i class=\"flaticon flaticon-calendar icon_event\"><\/i>\n\t<\/span>\n\n\t\t\t<span class=\"time-date-child\">\n\t\t\t<span class=\"date-child\">\n\t\t\t\t21.06.2026\t\t\t<\/span>\n\t\t<\/span>\n\t\n<\/div>\n    <span class=\"event-time-added\" style=\"margin-left: 5px; color: inherit;\"> \u00e0 15:00<\/span>    \n\t<div class=\"venue\">\n\t\t\n\t\t<i class=\"flaticon flaticon-home icon_event\"><\/i>\n\t\t\n\t\t<span class=\"number\">\n\t\t\tCath\u00e9drale de Lausanne Place de la Cath\u00e9drale 1005 Lausanne\t\t<\/span>\n\t\t\n\t<\/div>\n<\/div>\n\n\t\t\t\t\n<h2 class=\"second_font event_title\">\n\t<a href=\"https:\/\/grandesorgues.ch\/?event=a-la-decouverte-des-grandes-orgues-2\">\n\t\tA la d\u00e9couverte des grandes orgues &#8211; JEAN-CHRISTOPHE GEISER\t<\/a>\n<\/h2>\n\t\t\t\t\n<div class=\"button_event\">\n\t<a class=\"view_detail second_font\" href=\"https:\/\/grandesorgues.ch\/?event=a-la-decouverte-des-grandes-orgues-2\">\n\t\tLire la suite\t\t<i aria-hidden=\"true\" class=\"ovaicon ovaicon-next\"><\/i>\n\t<\/a>\n<\/div>\n\t\t\t<\/div>\n\n\t\t<\/div>\n\n\t<\/div>\n<\/div>\t\t\t\t\t\n<div class=\"ovaev-content\">\n\t<div class=\"type3\">\n\t\t\n\t\t<div class=\"desc\">\n\t\t\t\n<div class=\"event-thumbnail\">\t\n\n\t<a href=\"https:\/\/grandesorgues.ch\/?event=discover-the-great-organ&lang=en\" aria-label=\"Event Thumbnail\">\n\t\t<img decoding=\"async\" width=\"700\" height=\"450\" src=\"https:\/\/grandesorgues.ch\/wp-content\/uploads\/2026\/03\/Capture-decran-2026-03-05-a-10.47.37-700x450.png\" class=\"attachment-ovaev_event_thumbnail size-ovaev_event_thumbnail wp-post-image\" alt=\"\" \/>\t<\/a>\n\n<\/div>\n\t\t\t<div class=\"event_post\">\n\t\t\t    \n<div class=\"time-event\">\n    \n<div class=\"time equal-date\">\n\t\n\t<span class=\"icon-time\">\n\t\t<i class=\"flaticon flaticon-calendar icon_event\"><\/i>\n\t<\/span>\n\n\t\t\t<span class=\"time-date-child\">\n\t\t\t<span class=\"date-child\">\n\t\t\t\t21.06.2026\t\t\t<\/span>\n\t\t<\/span>\n\t\n<\/div>\n    <span class=\"event-time-added\" style=\"margin-left: 5px; color: inherit;\"> \u00e0 15:00<\/span>    \n\t<div class=\"venue\">\n\t\t\n\t\t<i class=\"flaticon flaticon-home icon_event\"><\/i>\n\t\t\n\t\t<span class=\"number\">\n\t\t\tCath\u00e9drale de Lausanne Place de la Cath\u00e9drale 1005 Lausanne\t\t<\/span>\n\t\t\n\t<\/div>\n<\/div>\n\n\t\t\t\t\n<h2 class=\"second_font event_title\">\n\t<a href=\"https:\/\/grandesorgues.ch\/?event=discover-the-great-organ&lang=en\">\n\t\tDiscover the Great Organ &#8211; JEAN-CHRISTOPHE GEISER\t<\/a>\n<\/h2>\n\t\t\t\t\n<div class=\"button_event\">\n\t<a class=\"view_detail second_font\" href=\"https:\/\/grandesorgues.ch\/?event=discover-the-great-organ&lang=en\">\n\t\tLire la suite\t\t<i aria-hidden=\"true\" class=\"ovaicon ovaicon-next\"><\/i>\n\t<\/a>\n<\/div>\n\t\t\t<\/div>\n\n\t\t<\/div>\n\n\t<\/div>\n<\/div>\t\t\t\t\t\n<div class=\"ovaev-content\">\n\t<div class=\"type3\">\n\t\t\n\t\t<div class=\"desc\">\n\t\t\t\n<div class=\"event-thumbnail\">\t\n\n\t<a href=\"https:\/\/grandesorgues.ch\/?event=fiori-musicali\" aria-label=\"Event Thumbnail\">\n\t\t<img loading=\"lazy\" decoding=\"async\" width=\"700\" height=\"446\" src=\"https:\/\/grandesorgues.ch\/wp-content\/uploads\/2026\/03\/Capture-decran-2026-03-05-a-12.20.49-700x446.png\" class=\"attachment-ovaev_event_thumbnail size-ovaev_event_thumbnail wp-post-image\" alt=\"\" \/>\t<\/a>\n\n<\/div>\n\t\t\t<div class=\"event_post\">\n\t\t\t    \n<div class=\"time-event\">\n    \n<div class=\"time equal-date\">\n\t\n\t<span class=\"icon-time\">\n\t\t<i class=\"flaticon flaticon-calendar icon_event\"><\/i>\n\t<\/span>\n\n\t\t\t<span class=\"time-date-child\">\n\t\t\t<span class=\"date-child\">\n\t\t\t\t10.07.2026\t\t\t<\/span>\n\t\t<\/span>\n\t\n<\/div>\n    <span class=\"event-time-added\" style=\"margin-left: 5px; color: inherit;\"> \u00e0 20:00<\/span>    \n\t<div class=\"venue\">\n\t\t\n\t\t<i class=\"flaticon flaticon-home icon_event\"><\/i>\n\t\t\n\t\t<span class=\"number\">\n\t\t\tCath\u00e9drale de Lausanne Place de la Cath\u00e9drale 1005 Lausanne\t\t<\/span>\n\t\t\n\t<\/div>\n<\/div>\n\n\t\t\t\t\n<h2 class=\"second_font event_title\">\n\t<a href=\"https:\/\/grandesorgues.ch\/?event=fiori-musicali\">\n\t\tFiori musicali &#8211; ANDREA ALBERTIN\t<\/a>\n<\/h2>\n\t\t\t\t\n<div class=\"button_event\">\n\t<a class=\"view_detail second_font\" href=\"https:\/\/grandesorgues.ch\/?event=fiori-musicali\">\n\t\tLire la suite\t\t<i aria-hidden=\"true\" class=\"ovaicon ovaicon-next\"><\/i>\n\t<\/a>\n<\/div>\n\t\t\t<\/div>\n\n\t\t<\/div>\n\n\t<\/div>\n<\/div>\t\t\t\t\t\n<div class=\"ovaev-content\">\n\t<div class=\"type3\">\n\t\t\n\t\t<div class=\"desc\">\n\t\t\t\n<div class=\"event-thumbnail\">\t\n\n\t<a href=\"https:\/\/grandesorgues.ch\/?event=fiori-musicali-2&lang=en\" aria-label=\"Event Thumbnail\">\n\t\t<img loading=\"lazy\" decoding=\"async\" width=\"700\" height=\"446\" src=\"https:\/\/grandesorgues.ch\/wp-content\/uploads\/2026\/03\/Capture-decran-2026-03-05-a-12.20.49-700x446.png\" class=\"attachment-ovaev_event_thumbnail size-ovaev_event_thumbnail wp-post-image\" alt=\"\" \/>\t<\/a>\n\n<\/div>\n\t\t\t<div class=\"event_post\">\n\t\t\t    \n<div class=\"time-event\">\n    \n<div class=\"time equal-date\">\n\t\n\t<span class=\"icon-time\">\n\t\t<i class=\"flaticon flaticon-calendar icon_event\"><\/i>\n\t<\/span>\n\n\t\t\t<span class=\"time-date-child\">\n\t\t\t<span class=\"date-child\">\n\t\t\t\t10.07.2026\t\t\t<\/span>\n\t\t<\/span>\n\t\n<\/div>\n    <span class=\"event-time-added\" style=\"margin-left: 5px; color: inherit;\"> \u00e0 20:00<\/span>    \n\t<div class=\"venue\">\n\t\t\n\t\t<i class=\"flaticon flaticon-home icon_event\"><\/i>\n\t\t\n\t\t<span class=\"number\">\n\t\t\tCath\u00e9drale de Lausanne Place de la Cath\u00e9drale 1005 Lausanne\t\t<\/span>\n\t\t\n\t<\/div>\n<\/div>\n\n\t\t\t\t\n<h2 class=\"second_font event_title\">\n\t<a href=\"https:\/\/grandesorgues.ch\/?event=fiori-musicali-2&lang=en\">\n\t\tFiori musicali &#8211; ANDREA ALBERTIN\t<\/a>\n<\/h2>\n\t\t\t\t\n<div class=\"button_event\">\n\t<a class=\"view_detail second_font\" href=\"https:\/\/grandesorgues.ch\/?event=fiori-musicali-2&lang=en\">\n\t\tLire la suite\t\t<i aria-hidden=\"true\" class=\"ovaicon ovaicon-next\"><\/i>\n\t<\/a>\n<\/div>\n\t\t\t<\/div>\n\n\t\t<\/div>\n\n\t<\/div>\n<\/div>\t\t\n\t<\/div>\n\n<\/div>\t\t\t\t<\/div>\n\t\t\t\t<\/div>\n\t\t\t\t\t<\/div>\n\t\t<\/div>\n\t\t\t\t\t<\/div>\n\t\t<\/section>\n\t\t\t\t<section class=\"elementor-section elementor-top-section elementor-element elementor-element-bc1c8c9 elementor-section-full_width elementor-section-content-middle elementor-section-height-default elementor-section-height-default\" data-id=\"bc1c8c9\" data-element_type=\"section\" data-e-type=\"section\" data-settings=\"{&quot;background_background&quot;:&quot;classic&quot;}\">\n\t\t\t\t\t\t<div class=\"elementor-container elementor-column-gap-no\">\n\t\t\t\t\t<div class=\"elementor-column elementor-col-50 elementor-top-column elementor-element elementor-element-841e0be\" data-id=\"841e0be\" data-element_type=\"column\" data-e-type=\"column\" data-settings=\"{&quot;background_background&quot;:&quot;classic&quot;}\">\n\t\t\t<div class=\"elementor-widget-wrap elementor-element-populated\">\n\t\t\t\t\t\t<div class=\"elementor-element elementor-element-1c28e35 elementor-align-center elementor-widget elementor-widget-button\" data-id=\"1c28e35\" data-element_type=\"widget\" data-e-type=\"widget\" data-widget_type=\"button.default\">\n\t\t\t\t<div class=\"elementor-widget-container\">\n\t\t\t\t\t\t\t\t\t<div class=\"elementor-button-wrapper\">\n\t\t\t\t\t<a class=\"elementor-button elementor-button-link elementor-size-sm\" href=\"https:\/\/www.rts.ch\/play\/tv\/faut-pas-croire\/video\/reportage-quand-la-musique-mene-au-spirituel?urn=urn:rts:video:3070405\" target=\"_blank\">\n\t\t\t\t\t\t<span class=\"elementor-button-content-wrapper\">\n\t\t\t\t\t\t<span class=\"elementor-button-icon\">\n\t\t\t\t<svg aria-hidden=\"true\" class=\"e-font-icon-svg e-fas-play\" viewBox=\"0 0 448 512\" xmlns=\"http:\/\/www.w3.org\/2000\/svg\"><path d=\"M424.4 214.7L72.4 6.6C43.8-10.3 0 6.1 0 47.9V464c0 37.5 40.7 60.1 72.4 41.3l352-208c31.4-18.5 31.5-64.1 0-82.6z\"><\/path><\/svg>\t\t\t<\/span>\n\t\t\t\t\t\t\t\t<\/span>\n\t\t\t\t\t<\/a>\n\t\t\t\t<\/div>\n\t\t\t\t\t\t\t\t<\/div>\n\t\t\t\t<\/div>\n\t\t\t\t\t<\/div>\n\t\t<\/div>\n\t\t\t\t<div class=\"elementor-column elementor-col-50 elementor-top-column elementor-element elementor-element-231a901\" data-id=\"231a901\" data-element_type=\"column\" data-e-type=\"column\" data-settings=\"{&quot;background_background&quot;:&quot;classic&quot;}\">\n\t\t\t<div class=\"elementor-widget-wrap elementor-element-populated\">\n\t\t\t\t\t\t<div class=\"elementor-element elementor-element-298340a elementor-widget elementor-widget-chursy_elementor_heading\" data-id=\"298340a\" data-element_type=\"widget\" data-e-type=\"widget\" data-widget_type=\"chursy_elementor_heading.default\">\n\t\t\t\t<div class=\"elementor-widget-container\">\n\t\t\t\t\t\n\t\t<div class=\"ova-heading\">\n            \n            <div class=\"top-heading\">\n\n            \t\t\t\t\t\t<div class=\"sub-title-wrapper\">\n\t\t\t\t\t\t\t\t\t\t\t\t\t<div class=\"icon\">\n\t\t\t\t\t\t\t\t<svg aria-hidden=\"true\" class=\"e-font-icon-svg e-fas-star\" viewBox=\"0 0 576 512\" xmlns=\"http:\/\/www.w3.org\/2000\/svg\"><path d=\"M259.3 17.8L194 150.2 47.9 171.5c-26.2 3.8-36.7 36.1-17.7 54.6l105.7 103-25 145.5c-4.5 26.3 23.2 46 46.4 33.7L288 439.6l130.7 68.7c23.2 12.2 50.9-7.4 46.4-33.7l-25-145.5 105.7-103c19-18.5 8.5-50.8-17.7-54.6L382 150.2 316.7 17.8c-11.7-23.6-45.6-23.9-57.4 0z\"><\/path><\/svg>\t\t\t\t\t\t\t<\/div>\n\t\t\t\t\t\t\t\t\t\t\t\t<p class=\"sub-title\">Emission TV Faut pas croire<\/p>\n\t\t\t\t\t<\/div>\n\t\t\t\t\n\t\t\t\t\n\t\t\t\t\t\t\t\t\t\t\t\t\n\t\t\t\t\t\t\t<h2 class=\"title\"><a href=\"https:\/\/www.rts.ch\/play\/tv\/faut-pas-croire\/video\/reportage-quand-la-musique-mene-au-spirituel?urn=urn:rts:video:3070405\">Reportage: Quand la musique m\u00e8ne au spirituel<\/a><\/h2>\n\n\t\t\t\t\t\t\n\t\t\t\t\n            <\/div>\n\n\t\t\t\n\t\t<\/div>\n\t\t \t\n\t\t\t\t\t\t<\/div>\n\t\t\t\t<\/div>\n\t\t\t\t<div class=\"elementor-element elementor-element-b0f22f8 elementor-widget elementor-widget-button\" data-id=\"b0f22f8\" data-element_type=\"widget\" data-e-type=\"widget\" data-widget_type=\"button.default\">\n\t\t\t\t<div class=\"elementor-widget-container\">\n\t\t\t\t\t\t\t\t\t<div class=\"elementor-button-wrapper\">\n\t\t\t\t\t<a class=\"elementor-button elementor-button-link elementor-size-sm\" href=\"https:\/\/www.rts.ch\/play\/tv\/faut-pas-croire\/video\/reportage-quand-la-musique-mene-au-spirituel?urn=urn:rts:video:3070405\" target=\"_blank\">\n\t\t\t\t\t\t<span class=\"elementor-button-content-wrapper\">\n\t\t\t\t\t\t\t\t\t<span class=\"elementor-button-text\">Acc\u00e9der au reportage<\/span>\n\t\t\t\t\t<\/span>\n\t\t\t\t\t<\/a>\n\t\t\t\t<\/div>\n\t\t\t\t\t\t\t\t<\/div>\n\t\t\t\t<\/div>\n\t\t\t\t\t<\/div>\n\t\t<\/div>\n\t\t\t\t\t<\/div>\n\t\t<\/section>\n\t\t\t\t<section class=\"elementor-section elementor-top-section elementor-element elementor-element-cee4359 elementor-section-boxed elementor-section-height-default elementor-section-height-default\" data-id=\"cee4359\" data-element_type=\"section\" data-e-type=\"section\" data-settings=\"{&quot;background_background&quot;:&quot;classic&quot;}\">\n\t\t\t\t\t\t<div class=\"elementor-container elementor-column-gap-default\">\n\t\t\t\t\t<div class=\"elementor-column elementor-col-50 elementor-top-column elementor-element elementor-element-ca28bea\" data-id=\"ca28bea\" data-element_type=\"column\" data-e-type=\"column\" data-settings=\"{&quot;background_background&quot;:&quot;classic&quot;}\">\n\t\t\t<div class=\"elementor-widget-wrap elementor-element-populated\">\n\t\t\t\t\t\t<div class=\"elementor-element elementor-element-1933218 elementor-widget elementor-widget-heading\" data-id=\"1933218\" data-element_type=\"widget\" data-e-type=\"widget\" data-widget_type=\"heading.default\">\n\t\t\t\t<div class=\"elementor-widget-container\">\n\t\t\t\t\t<h1 class=\"elementor-heading-title elementor-size-default\">M\u00c9DIAS<\/h1>\t\t\t\t<\/div>\n\t\t\t\t<\/div>\n\t\t\t\t\t<\/div>\n\t\t<\/div>\n\t\t\t\t<div class=\"elementor-column elementor-col-50 elementor-top-column elementor-element elementor-element-e4a87ce\" data-id=\"e4a87ce\" data-element_type=\"column\" data-e-type=\"column\">\n\t\t\t<div class=\"elementor-widget-wrap elementor-element-populated\">\n\t\t\t\t\t\t<div class=\"elementor-element elementor-element-12a645e elementor-align-right elementor-widget elementor-widget-button\" data-id=\"12a645e\" data-element_type=\"widget\" data-e-type=\"widget\" data-widget_type=\"button.default\">\n\t\t\t\t<div class=\"elementor-widget-container\">\n\t\t\t\t\t\t\t\t\t<div class=\"elementor-button-wrapper\">\n\t\t\t\t\t<a class=\"elementor-button elementor-button-link elementor-size-sm\" href=\"https:\/\/grandesorgues.ch\/medias\/\">\n\t\t\t\t\t\t<span class=\"elementor-button-content-wrapper\">\n\t\t\t\t\t\t\t\t\t<span class=\"elementor-button-text\">Acc\u00e9der \u00e0 la page M\u00e9dias<\/span>\n\t\t\t\t\t<\/span>\n\t\t\t\t\t<\/a>\n\t\t\t\t<\/div>\n\t\t\t\t\t\t\t\t<\/div>\n\t\t\t\t<\/div>\n\t\t\t\t\t<\/div>\n\t\t<\/div>\n\t\t\t\t\t<\/div>\n\t\t<\/section>\n\t\t<div class=\"elementor-element elementor-element-c9c5cb0 e-flex e-con-boxed e-con e-parent\" data-id=\"c9c5cb0\" data-element_type=\"container\" data-e-type=\"container\">\n\t\t\t\t\t<div class=\"e-con-inner\">\n\t\t<div class=\"elementor-element elementor-element-7d06da0 e-con-full e-flex e-con e-child\" data-id=\"7d06da0\" data-element_type=\"container\" data-e-type=\"container\">\n\t\t\t\t<div class=\"elementor-element elementor-element-ffbc43a elementor-widget elementor-widget-image\" data-id=\"ffbc43a\" data-element_type=\"widget\" data-e-type=\"widget\" data-widget_type=\"image.default\">\n\t\t\t\t<div class=\"elementor-widget-container\">\n\t\t\t\t\t\t\t\t\t\t\t\t\t\t\t<img loading=\"lazy\" decoding=\"async\" width=\"800\" height=\"523\" src=\"https:\/\/grandesorgues.ch\/wp-content\/uploads\/2025\/02\/Capture-decran-2025-02-27-a-16.37.52-1024x670.png\" class=\"attachment-large size-large wp-image-6022\" alt=\"\" srcset=\"https:\/\/grandesorgues.ch\/wp-content\/uploads\/2025\/02\/Capture-decran-2025-02-27-a-16.37.52-1024x670.png 1024w, https:\/\/grandesorgues.ch\/wp-content\/uploads\/2025\/02\/Capture-decran-2025-02-27-a-16.37.52-300x196.png 300w, https:\/\/grandesorgues.ch\/wp-content\/uploads\/2025\/02\/Capture-decran-2025-02-27-a-16.37.52-768x502.png 768w, https:\/\/grandesorgues.ch\/wp-content\/uploads\/2025\/02\/Capture-decran-2025-02-27-a-16.37.52.png 1290w\" sizes=\"(max-width: 800px) 100vw, 800px\" \/>\t\t\t\t\t\t\t\t\t\t\t\t\t\t\t<\/div>\n\t\t\t\t<\/div>\n\t\t\t\t<\/div>\n\t\t<div class=\"elementor-element elementor-element-d1a750c e-con-full e-flex e-con e-child\" data-id=\"d1a750c\" data-element_type=\"container\" data-e-type=\"container\">\n\t\t\t\t<div class=\"elementor-element elementor-element-cecef2e elementor-widget elementor-widget-heading\" data-id=\"cecef2e\" data-element_type=\"widget\" data-e-type=\"widget\" data-widget_type=\"heading.default\">\n\t\t\t\t<div class=\"elementor-widget-container\">\n\t\t\t\t\t<h2 class=\"elementor-heading-title elementor-size-default\">K+A<\/h2>\t\t\t\t<\/div>\n\t\t\t\t<\/div>\n\t\t\t\t<div class=\"elementor-element elementor-element-884a638 elementor-drop-cap-yes elementor-drop-cap-view-default elementor-widget elementor-widget-text-editor\" data-id=\"884a638\" data-element_type=\"widget\" data-e-type=\"widget\" data-settings=\"{&quot;drop_cap&quot;:&quot;yes&quot;}\" data-widget_type=\"text-editor.default\">\n\t\t\t\t<div class=\"elementor-widget-container\">\n\t\t\t\t\t\t\t\t\t<p>Les grandes orgues de Lausanne, un instrument de musique unique au monde.<br>Par leurs dimensions et leur impact visuel, les grandes orgues de la cath\u00e9drale&nbsp;de Lausanne constituent le principal apport \u00e0 la cath\u00e9drale depuis les transformations&nbsp;de l\u2019\u00e9difice au XVe si\u00e8cle. Inaugur\u00e9es en 2003, elles pr\u00e9sentent des caract\u00e9ristiques&nbsp;que l\u2019on ne retrouve sur aucun autre instrument. Elles ont \u00e9t\u00e9 d\u00e9couvertes par&nbsp;plus de douze mille auditeurs lors des concerts inauguraux de d\u00e9cembre 2003&nbsp;et le New York Times leur a consacr\u00e9 une pleine page.<\/p>\n<p><span style=\"color: #a3785b;\"><a style=\"color: #a3785b;\" href=\"https:\/\/smartclicuploads.s3.eu-west-3.amazonaws.com\/Artikel+Art%2BArchitecture+2024.pdf\">Lire la suite&nbsp;<\/a><\/span><\/p>\t\t\t\t\t\t\t\t<\/div>\n\t\t\t\t<\/div>\n\t\t\t\t<\/div>\n\t\t\t\t\t<\/div>\n\t\t\t\t<\/div>\n\t\t<div class=\"elementor-element elementor-element-30940ba e-flex e-con-boxed e-con e-parent\" data-id=\"30940ba\" data-element_type=\"container\" data-e-type=\"container\">\n\t\t\t\t\t<div class=\"e-con-inner\">\n\t\t\t\t<div class=\"elementor-element elementor-element-9a7f1e9 elementor-widget-divider--view-line elementor-widget elementor-widget-divider\" data-id=\"9a7f1e9\" data-element_type=\"widget\" data-e-type=\"widget\" data-widget_type=\"divider.default\">\n\t\t\t\t<div class=\"elementor-widget-container\">\n\t\t\t\t\t\t\t<div class=\"elementor-divider\">\n\t\t\t<span class=\"elementor-divider-separator\">\n\t\t\t\t\t\t<\/span>\n\t\t<\/div>\n\t\t\t\t\t\t<\/div>\n\t\t\t\t<\/div>\n\t\t\t\t\t<\/div>\n\t\t\t\t<\/div>\n\t\t<div class=\"elementor-element elementor-element-c61f1a7 e-flex e-con-boxed e-con e-parent\" data-id=\"c61f1a7\" data-element_type=\"container\" data-e-type=\"container\">\n\t\t\t\t\t<div class=\"e-con-inner\">\n\t\t<div class=\"elementor-element elementor-element-f77f796 e-con-full e-flex e-con e-child\" data-id=\"f77f796\" data-element_type=\"container\" data-e-type=\"container\">\n\t\t\t\t<div class=\"elementor-element elementor-element-83a69b6 elementor-widget elementor-widget-image\" data-id=\"83a69b6\" data-element_type=\"widget\" data-e-type=\"widget\" data-widget_type=\"image.default\">\n\t\t\t\t<div class=\"elementor-widget-container\">\n\t\t\t\t\t\t\t\t\t\t\t\t\t\t\t<img loading=\"lazy\" decoding=\"async\" width=\"775\" height=\"462\" src=\"https:\/\/grandesorgues.ch\/wp-content\/uploads\/2023\/08\/Capture-decran-2024-04-17-a-14.46.29.png\" class=\"attachment-large size-large wp-image-3495\" alt=\"\" srcset=\"https:\/\/grandesorgues.ch\/wp-content\/uploads\/2023\/08\/Capture-decran-2024-04-17-a-14.46.29.png 775w, https:\/\/grandesorgues.ch\/wp-content\/uploads\/2023\/08\/Capture-decran-2024-04-17-a-14.46.29-300x179.png 300w, https:\/\/grandesorgues.ch\/wp-content\/uploads\/2023\/08\/Capture-decran-2024-04-17-a-14.46.29-768x458.png 768w, https:\/\/grandesorgues.ch\/wp-content\/uploads\/2023\/08\/Capture-decran-2024-04-17-a-14.46.29-18x12.png 18w\" sizes=\"(max-width: 775px) 100vw, 775px\" \/>\t\t\t\t\t\t\t\t\t\t\t\t\t\t\t<\/div>\n\t\t\t\t<\/div>\n\t\t\t\t<\/div>\n\t\t<div class=\"elementor-element elementor-element-4194ba6 e-con-full e-flex e-con e-child\" data-id=\"4194ba6\" data-element_type=\"container\" data-e-type=\"container\">\n\t\t\t\t<div class=\"elementor-element elementor-element-c5a1d40 elementor-widget elementor-widget-heading\" data-id=\"c5a1d40\" data-element_type=\"widget\" data-e-type=\"widget\" data-widget_type=\"heading.default\">\n\t\t\t\t<div class=\"elementor-widget-container\">\n\t\t\t\t\t<h2 class=\"elementor-heading-title elementor-size-default\">ORGAN Journal <\/h2>\t\t\t\t<\/div>\n\t\t\t\t<\/div>\n\t\t\t\t<div class=\"elementor-element elementor-element-38f6f37 elementor-drop-cap-yes elementor-drop-cap-view-default elementor-widget elementor-widget-text-editor\" data-id=\"38f6f37\" data-element_type=\"widget\" data-e-type=\"widget\" data-settings=\"{&quot;drop_cap&quot;:&quot;yes&quot;}\" data-widget_type=\"text-editor.default\">\n\t\t\t\t<div class=\"elementor-widget-container\">\n\t\t\t\t\t\t\t\t\t<p><span style=\"color: #a3785b;\"><a style=\"color: #a3785b;\" href=\"https:\/\/grandesorgues.ch\/wp-content\/uploads\/2025\/01\/organ_2014.pdf\">Lire la suite\u00a0<\/a><\/span><\/p>\t\t\t\t\t\t\t\t<\/div>\n\t\t\t\t<\/div>\n\t\t\t\t<\/div>\n\t\t\t\t\t<\/div>\n\t\t\t\t<\/div>\n\t\t<div class=\"elementor-element elementor-element-14335b7 e-flex e-con-boxed e-con e-parent\" data-id=\"14335b7\" data-element_type=\"container\" data-e-type=\"container\">\n\t\t\t\t\t<div class=\"e-con-inner\">\n\t\t\t\t<div class=\"elementor-element elementor-element-875b4d3 elementor-widget-divider--view-line elementor-widget elementor-widget-divider\" data-id=\"875b4d3\" data-element_type=\"widget\" data-e-type=\"widget\" data-widget_type=\"divider.default\">\n\t\t\t\t<div class=\"elementor-widget-container\">\n\t\t\t\t\t\t\t<div class=\"elementor-divider\">\n\t\t\t<span class=\"elementor-divider-separator\">\n\t\t\t\t\t\t<\/span>\n\t\t<\/div>\n\t\t\t\t\t\t<\/div>\n\t\t\t\t<\/div>\n\t\t\t\t\t<\/div>\n\t\t\t\t<\/div>\n\t\t<div class=\"elementor-element elementor-element-1b59440 e-flex e-con-boxed e-con e-parent\" data-id=\"1b59440\" data-element_type=\"container\" data-e-type=\"container\">\n\t\t\t\t\t<div class=\"e-con-inner\">\n\t\t<div class=\"elementor-element elementor-element-f1c2c50 e-con-full e-flex e-con e-child\" data-id=\"f1c2c50\" data-element_type=\"container\" data-e-type=\"container\">\n\t\t\t\t<div class=\"elementor-element elementor-element-47d8df1 elementor-widget elementor-widget-image\" data-id=\"47d8df1\" data-element_type=\"widget\" data-e-type=\"widget\" data-widget_type=\"image.default\">\n\t\t\t\t<div class=\"elementor-widget-container\">\n\t\t\t\t\t\t\t\t\t\t\t\t\t\t\t<img loading=\"lazy\" decoding=\"async\" width=\"800\" height=\"532\" src=\"https:\/\/grandesorgues.ch\/wp-content\/uploads\/2024\/12\/orgues11g-1-1024x681.jpg\" class=\"attachment-large size-large wp-image-4387\" alt=\"\" srcset=\"https:\/\/grandesorgues.ch\/wp-content\/uploads\/2024\/12\/orgues11g-1-1024x681.jpg 1024w, https:\/\/grandesorgues.ch\/wp-content\/uploads\/2024\/12\/orgues11g-1-300x200.jpg 300w, https:\/\/grandesorgues.ch\/wp-content\/uploads\/2024\/12\/orgues11g-1-768x511.jpg 768w, https:\/\/grandesorgues.ch\/wp-content\/uploads\/2024\/12\/orgues11g-1-1536x1022.jpg 1536w, https:\/\/grandesorgues.ch\/wp-content\/uploads\/2024\/12\/orgues11g-1-2048x1363.jpg 2048w, https:\/\/grandesorgues.ch\/wp-content\/uploads\/2024\/12\/orgues11g-1-18x12.jpg 18w\" sizes=\"(max-width: 800px) 100vw, 800px\" \/>\t\t\t\t\t\t\t\t\t\t\t\t\t\t\t<\/div>\n\t\t\t\t<\/div>\n\t\t\t\t<\/div>\n\t\t<div class=\"elementor-element elementor-element-85bd6ed e-con-full e-flex e-con e-child\" data-id=\"85bd6ed\" data-element_type=\"container\" data-e-type=\"container\">\n\t\t\t\t<div class=\"elementor-element elementor-element-74bf57d elementor-widget elementor-widget-heading\" data-id=\"74bf57d\" data-element_type=\"widget\" data-e-type=\"widget\" data-widget_type=\"heading.default\">\n\t\t\t\t<div class=\"elementor-widget-container\">\n\t\t\t\t\t<h2 class=\"elementor-heading-title elementor-size-default\">\"L'organiste de Lausanne\"<\/h2>\t\t\t\t<\/div>\n\t\t\t\t<\/div>\n\t\t\t\t<div class=\"elementor-element elementor-element-5f86d20 elementor-drop-cap-yes elementor-drop-cap-view-default elementor-widget elementor-widget-text-editor\" data-id=\"5f86d20\" data-element_type=\"widget\" data-e-type=\"widget\" data-settings=\"{&quot;drop_cap&quot;:&quot;yes&quot;}\" data-widget_type=\"text-editor.default\">\n\t\t\t\t<div class=\"elementor-widget-container\">\n\t\t\t\t\t\t\t\t\t<p>D\u00e9couvrez l&rsquo;interview du c\u00e9l\u00e8bre organiste Jean-Christophe GEISER qui nous parle des Grandes Orgues de Lausanne et nous parle du lien entre le musicien et son instrument.<\/p><p><span style=\"color: #a3785b;\"><a style=\"color: #a3785b;\" href=\"https:\/\/www.youtube.com\/watch?v=HOIo9AzR8-Y\">Voir la vid\u00e9o\u00a0<\/a><\/span><\/p>\t\t\t\t\t\t\t\t<\/div>\n\t\t\t\t<\/div>\n\t\t\t\t<\/div>\n\t\t\t\t\t<\/div>\n\t\t\t\t<\/div>\n\t\t\t\t<\/div>\n\t\t","protected":false},"excerpt":{"rendered":"<p>Programme des concerts 2026 en PDF Concerts \u00e0 venir Voir tous les concerts 03.04.2026 \u00e0 17:00 Cath\u00e9drale de Lausanne Place de la Cath\u00e9drale 1005 Lausanne Musique pour Vendredi saint &#8211; JEAN-CHRISTOPHE GEISER Lire la suite 05.04.2026 \u00e0 17:00 Cath\u00e9drale de Lausanne Place de la Cath\u00e9drale 1005 Lausanne Deux orgues et percussions &#8211; FRANCESCO ALESSANDRINI \/ [&hellip;]<\/p>\n","protected":false},"author":1,"featured_media":0,"parent":0,"menu_order":0,"comment_status":"closed","ping_status":"closed","template":"elementor_header_footer","meta":{"footnotes":""},"class_list":["post-3146","page","type-page","status-publish","hentry"],"yoast_head":"<!-- This site is optimized with the Yoast SEO plugin v27.4 - https:\/\/yoast.com\/product\/yoast-seo-wordpress\/ -->\n<title>Accueil - Les Grandes ORGUES<\/title>\n<meta name=\"robots\" content=\"index, follow, max-snippet:-1, max-image-preview:large, max-video-preview:-1\" \/>\n<link rel=\"canonical\" href=\"https:\/\/grandesorgues.ch\/\" \/>\n<meta property=\"og:locale\" content=\"fr_FR\" \/>\n<meta property=\"og:type\" content=\"article\" \/>\n<meta property=\"og:title\" content=\"Accueil - Les Grandes ORGUES\" \/>\n<meta property=\"og:description\" content=\"Programme des concerts 2026 en PDF Concerts \u00e0 venir Voir tous les concerts 03.04.2026 \u00e0 17:00 Cath\u00e9drale de Lausanne Place de la Cath\u00e9drale 1005 Lausanne Musique pour Vendredi saint &#8211; JEAN-CHRISTOPHE GEISER Lire la suite 05.04.2026 \u00e0 17:00 Cath\u00e9drale de Lausanne Place de la Cath\u00e9drale 1005 Lausanne Deux orgues et percussions &#8211; FRANCESCO ALESSANDRINI \/ [&hellip;]\" \/>\n<meta property=\"og:url\" content=\"https:\/\/grandesorgues.ch\/\" \/>\n<meta property=\"og:site_name\" content=\"Les Grandes ORGUES\" \/>\n<meta property=\"article:publisher\" content=\"https:\/\/www.facebook.com\/profile.php?id=61561652917667\" \/>\n<meta property=\"article:modified_time\" content=\"2026-04-03T13:03:22+00:00\" \/>\n<meta property=\"og:image\" content=\"https:\/\/grandesorgues.ch\/wp-content\/uploads\/2026\/03\/Capture-decran-2026-03-05-a-09.35.41-700x450.png\" \/>\n<meta name=\"twitter:card\" content=\"summary_large_image\" \/>\n<meta name=\"twitter:label1\" content=\"Dur\u00e9e de lecture estim\u00e9e\" \/>\n\t<meta name=\"twitter:data1\" content=\"4 minutes\" \/>\n<script type=\"application\/ld+json\" class=\"yoast-schema-graph\">{\"@context\":\"https:\\\/\\\/schema.org\",\"@graph\":[{\"@type\":\"WebPage\",\"@id\":\"https:\\\/\\\/grandesorgues.ch\\\/\",\"url\":\"https:\\\/\\\/grandesorgues.ch\\\/\",\"name\":\"Accueil - Les Grandes ORGUES\",\"isPartOf\":{\"@id\":\"https:\\\/\\\/grandesorgues.ch\\\/#website\"},\"primaryImageOfPage\":{\"@id\":\"https:\\\/\\\/grandesorgues.ch\\\/#primaryimage\"},\"image\":{\"@id\":\"https:\\\/\\\/grandesorgues.ch\\\/#primaryimage\"},\"thumbnailUrl\":\"https:\\\/\\\/grandesorgues.ch\\\/wp-content\\\/uploads\\\/2026\\\/03\\\/Capture-decran-2026-03-05-a-09.35.41-700x450.png\",\"datePublished\":\"2023-08-17T09:08:31+00:00\",\"dateModified\":\"2026-04-03T13:03:22+00:00\",\"breadcrumb\":{\"@id\":\"https:\\\/\\\/grandesorgues.ch\\\/#breadcrumb\"},\"inLanguage\":\"fr-FR\",\"potentialAction\":[{\"@type\":\"ReadAction\",\"target\":[\"https:\\\/\\\/grandesorgues.ch\\\/\"]}]},{\"@type\":\"ImageObject\",\"inLanguage\":\"fr-FR\",\"@id\":\"https:\\\/\\\/grandesorgues.ch\\\/#primaryimage\",\"url\":\"https:\\\/\\\/grandesorgues.ch\\\/wp-content\\\/uploads\\\/2026\\\/03\\\/Capture-decran-2026-03-05-a-09.35.41.png\",\"contentUrl\":\"https:\\\/\\\/grandesorgues.ch\\\/wp-content\\\/uploads\\\/2026\\\/03\\\/Capture-decran-2026-03-05-a-09.35.41.png\",\"width\":908,\"height\":453},{\"@type\":\"BreadcrumbList\",\"@id\":\"https:\\\/\\\/grandesorgues.ch\\\/#breadcrumb\",\"itemListElement\":[{\"@type\":\"ListItem\",\"position\":1,\"name\":\"Accueil\",\"item\":\"https:\\\/\\\/grandesorgues.ch\\\/\"},{\"@type\":\"ListItem\",\"position\":2,\"name\":\"Accueil\"}]},{\"@type\":\"WebSite\",\"@id\":\"https:\\\/\\\/grandesorgues.ch\\\/#website\",\"url\":\"https:\\\/\\\/grandesorgues.ch\\\/\",\"name\":\"Les Grandes ORGUES\",\"description\":\"\",\"publisher\":{\"@id\":\"https:\\\/\\\/grandesorgues.ch\\\/#organization\"},\"potentialAction\":[{\"@type\":\"SearchAction\",\"target\":{\"@type\":\"EntryPoint\",\"urlTemplate\":\"https:\\\/\\\/grandesorgues.ch\\\/?s={search_term_string}\"},\"query-input\":{\"@type\":\"PropertyValueSpecification\",\"valueRequired\":true,\"valueName\":\"search_term_string\"}}],\"inLanguage\":\"fr-FR\"},{\"@type\":\"Organization\",\"@id\":\"https:\\\/\\\/grandesorgues.ch\\\/#organization\",\"name\":\"Les Grandes ORGUES\",\"url\":\"https:\\\/\\\/grandesorgues.ch\\\/\",\"logo\":{\"@type\":\"ImageObject\",\"inLanguage\":\"fr-FR\",\"@id\":\"https:\\\/\\\/grandesorgues.ch\\\/#\\\/schema\\\/logo\\\/image\\\/\",\"url\":\"https:\\\/\\\/grandesorgues.ch\\\/wp-content\\\/uploads\\\/2023\\\/08\\\/cropped-logo-CDL.png\",\"contentUrl\":\"https:\\\/\\\/grandesorgues.ch\\\/wp-content\\\/uploads\\\/2023\\\/08\\\/cropped-logo-CDL.png\",\"width\":512,\"height\":512,\"caption\":\"Les Grandes ORGUES\"},\"image\":{\"@id\":\"https:\\\/\\\/grandesorgues.ch\\\/#\\\/schema\\\/logo\\\/image\\\/\"},\"sameAs\":[\"https:\\\/\\\/www.facebook.com\\\/profile.php?id=61561652917667\"]}]}<\/script>\n<!-- \/ Yoast SEO plugin. -->","yoast_head_json":{"title":"Accueil - Les Grandes ORGUES","robots":{"index":"index","follow":"follow","max-snippet":"max-snippet:-1","max-image-preview":"max-image-preview:large","max-video-preview":"max-video-preview:-1"},"canonical":"https:\/\/grandesorgues.ch\/","og_locale":"fr_FR","og_type":"article","og_title":"Accueil - Les Grandes ORGUES","og_description":"Programme des concerts 2026 en PDF Concerts \u00e0 venir Voir tous les concerts 03.04.2026 \u00e0 17:00 Cath\u00e9drale de Lausanne Place de la Cath\u00e9drale 1005 Lausanne Musique pour Vendredi saint &#8211; JEAN-CHRISTOPHE GEISER Lire la suite 05.04.2026 \u00e0 17:00 Cath\u00e9drale de Lausanne Place de la Cath\u00e9drale 1005 Lausanne Deux orgues et percussions &#8211; FRANCESCO ALESSANDRINI \/ [&hellip;]","og_url":"https:\/\/grandesorgues.ch\/","og_site_name":"Les Grandes ORGUES","article_publisher":"https:\/\/www.facebook.com\/profile.php?id=61561652917667","article_modified_time":"2026-04-03T13:03:22+00:00","og_image":[{"url":"https:\/\/grandesorgues.ch\/wp-content\/uploads\/2026\/03\/Capture-decran-2026-03-05-a-09.35.41-700x450.png","type":"","width":"","height":""}],"twitter_card":"summary_large_image","twitter_misc":{"Dur\u00e9e de lecture estim\u00e9e":"4 minutes"},"schema":{"@context":"https:\/\/schema.org","@graph":[{"@type":"WebPage","@id":"https:\/\/grandesorgues.ch\/","url":"https:\/\/grandesorgues.ch\/","name":"Accueil - Les Grandes ORGUES","isPartOf":{"@id":"https:\/\/grandesorgues.ch\/#website"},"primaryImageOfPage":{"@id":"https:\/\/grandesorgues.ch\/#primaryimage"},"image":{"@id":"https:\/\/grandesorgues.ch\/#primaryimage"},"thumbnailUrl":"https:\/\/grandesorgues.ch\/wp-content\/uploads\/2026\/03\/Capture-decran-2026-03-05-a-09.35.41-700x450.png","datePublished":"2023-08-17T09:08:31+00:00","dateModified":"2026-04-03T13:03:22+00:00","breadcrumb":{"@id":"https:\/\/grandesorgues.ch\/#breadcrumb"},"inLanguage":"fr-FR","potentialAction":[{"@type":"ReadAction","target":["https:\/\/grandesorgues.ch\/"]}]},{"@type":"ImageObject","inLanguage":"fr-FR","@id":"https:\/\/grandesorgues.ch\/#primaryimage","url":"https:\/\/grandesorgues.ch\/wp-content\/uploads\/2026\/03\/Capture-decran-2026-03-05-a-09.35.41.png","contentUrl":"https:\/\/grandesorgues.ch\/wp-content\/uploads\/2026\/03\/Capture-decran-2026-03-05-a-09.35.41.png","width":908,"height":453},{"@type":"BreadcrumbList","@id":"https:\/\/grandesorgues.ch\/#breadcrumb","itemListElement":[{"@type":"ListItem","position":1,"name":"Accueil","item":"https:\/\/grandesorgues.ch\/"},{"@type":"ListItem","position":2,"name":"Accueil"}]},{"@type":"WebSite","@id":"https:\/\/grandesorgues.ch\/#website","url":"https:\/\/grandesorgues.ch\/","name":"Les Grandes ORGUES","description":"","publisher":{"@id":"https:\/\/grandesorgues.ch\/#organization"},"potentialAction":[{"@type":"SearchAction","target":{"@type":"EntryPoint","urlTemplate":"https:\/\/grandesorgues.ch\/?s={search_term_string}"},"query-input":{"@type":"PropertyValueSpecification","valueRequired":true,"valueName":"search_term_string"}}],"inLanguage":"fr-FR"},{"@type":"Organization","@id":"https:\/\/grandesorgues.ch\/#organization","name":"Les Grandes ORGUES","url":"https:\/\/grandesorgues.ch\/","logo":{"@type":"ImageObject","inLanguage":"fr-FR","@id":"https:\/\/grandesorgues.ch\/#\/schema\/logo\/image\/","url":"https:\/\/grandesorgues.ch\/wp-content\/uploads\/2023\/08\/cropped-logo-CDL.png","contentUrl":"https:\/\/grandesorgues.ch\/wp-content\/uploads\/2023\/08\/cropped-logo-CDL.png","width":512,"height":512,"caption":"Les Grandes ORGUES"},"image":{"@id":"https:\/\/grandesorgues.ch\/#\/schema\/logo\/image\/"},"sameAs":["https:\/\/www.facebook.com\/profile.php?id=61561652917667"]}]}},"_links":{"self":[{"href":"https:\/\/grandesorgues.ch\/index.php?rest_route=\/wp\/v2\/pages\/3146","targetHints":{"allow":["GET"]}}],"collection":[{"href":"https:\/\/grandesorgues.ch\/index.php?rest_route=\/wp\/v2\/pages"}],"about":[{"href":"https:\/\/grandesorgues.ch\/index.php?rest_route=\/wp\/v2\/types\/page"}],"author":[{"embeddable":true,"href":"https:\/\/grandesorgues.ch\/index.php?rest_route=\/wp\/v2\/users\/1"}],"replies":[{"embeddable":true,"href":"https:\/\/grandesorgues.ch\/index.php?rest_route=%2Fwp%2Fv2%2Fcomments&post=3146"}],"version-history":[{"count":636,"href":"https:\/\/grandesorgues.ch\/index.php?rest_route=\/wp\/v2\/pages\/3146\/revisions"}],"predecessor-version":[{"id":7472,"href":"https:\/\/grandesorgues.ch\/index.php?rest_route=\/wp\/v2\/pages\/3146\/revisions\/7472"}],"wp:attachment":[{"href":"https:\/\/grandesorgues.ch\/index.php?rest_route=%2Fwp%2Fv2%2Fmedia&parent=3146"}],"curies":[{"name":"wp","href":"https:\/\/api.w.org\/{rel}","templated":true}]}}